{"id":87,"date":"2015-06-30T07:14:48","date_gmt":"2015-06-30T07:14:48","guid":{"rendered":"http:\/\/loportalet.com\/?page_id=87"},"modified":"2021-09-22T17:18:05","modified_gmt":"2021-09-22T16:18:05","slug":"inici","status":"publish","type":"page","link":"https:\/\/loportalet.com\/fr\/","title":{"rendered":"Page d&rsquo;accueil"},"content":{"rendered":"[vc_row css=\u00a0\u00bb.vc_custom_1436943950499{margin-bottom: 0px !important;padding-bottom: 0px !important;}\u00a0\u00bb][vc_column width=\u00a0\u00bb2\/3&Prime;][vc_single_image image=\u00a0\u00bb315&Prime; img_size=\u00a0\u00bblarge\u00a0\u00bb style=\u00a0\u00bbvc_box_rounded\u00a0\u00bb onclick=\u00a0\u00bbcustom_link\u00a0\u00bb link=\u00a0\u00bbhttp:\/\/loportalet.com\/els-apartaments-i-els-masos\/\u00a0\u00bb title=\u00a0\u00bbApartaments Lo Portalet\u00a0\u00bb][vc_column_text]Lo Portalet us ofereix apartaments en lloguer de vacances, totalment equipats, en un lloc realment privilegiat, a la Pla\u00e7a de Sant Salvador, al ben mig d&rsquo;Horta de Sant Joan i literalment tocant l\u2019esgl\u00e9sia, amb unes magn\u00edfiques vistes als Ports de Tortosa Beseit i la muntanya de Santa B\u00e0rbera i el seu convent, aix\u00ed com als contraforts de l&rsquo;esgl\u00e9sia i a la Pla\u00e7a de Sant Salvador. Totalment restaurada, a Lo Portalet podreu gaudir d&rsquo; Horta de Sant Joan com si f\u00f3ssiu a casa vostra. Benvinguts.[\/vc_column_text][\/vc_column][vc_column width=\u00a0\u00bb1\/3&Prime;][vc_single_image image=\u00a0\u00bb316&Prime; img_size=\u00a0\u00bblarge\u00a0\u00bb style=\u00a0\u00bbvc_box_rounded\u00a0\u00bb onclick=\u00a0\u00bbcustom_link\u00a0\u00bb link=\u00a0\u00bbhttp:\/\/loportalet.com\/room\/casa-rural-la-bassa-nova\/\u00a0\u00bb css=\u00a0\u00bb.vc_custom_1436943858790{margin-bottom: 0px !important;padding-bottom: 0px !important;}\u00a0\u00bb title=\u00a0\u00bbCasa rural La bassa nova\u00a0\u00bb][vc_column_text]Mas totalment restaurat i a uns 600 metres del centre d&rsquo; Horta de Sant Joan. T\u00e9 4 habitacions, bany, lavabo, barbacoa&#8230;[\/vc_column_text][vc_single_image image=\u00a0\u00bb317&Prime; img_size=\u00a0\u00bblarge\u00a0\u00bb style=\u00a0\u00bbvc_box_rounded\u00a0\u00bb onclick=\u00a0\u00bbcustom_link\u00a0\u00bb link=\u00a0\u00bbhttp:\/\/loportalet.com\/room\/casa-rural-les-forques\/\u00a0\u00bb css=\u00a0\u00bb.vc_custom_1437718181001{margin-top: 0px !important;margin-bottom: 0px !important;padding-top: 0px !important;padding-bottom: 0px !important;}\u00a0\u00bb title=\u00a0\u00bbCasa rural Les forques\u00a0\u00bb][vc_column_text]Mas totalment restaurat i a menys d&rsquo; 1 Km del centre d&rsquo; Horta de Sant Joan. T\u00e9 3 habitacions, bany, barbacoa&#8230;[\/vc_column_text][\/vc_column][\/vc_row][vc_row css=\u00a0\u00bb.vc_custom_1436943927580{margin-top: 0px !important;padding-top: 0px !important;}\u00a0\u00bb][vc_column]\n\t <h2 class=\"lined-heading mt50\">\n\t\t\t<span>\n\t\t\tApartaments i cases rurals a Horta de Sant Joan\n\t\t\t<\/span>\n\t\t<\/h2>\n\t\t[\/vc_column][\/vc_row][vc_row][vc_column width=\u00a0\u00bb1\/4&Prime;]\n\t<div class=\"usp\">\n\t\t<div class=\"box-icon\">\n\t\t\t\t<div class=\"circle\"><i class=\"fa fas fa-bell fa-lg\"><\/i><\/div>\n\t\t\t\t<h3>Tot el que necessites<\/h3>\n\t\t\t\t<p>Els apartaments i masos estan equipats amb llen\u00e7ols, roba de llit i tovalloles, cuina amb estris per cuinar i nevera.<\/p>\n\t\t<\/div>\n\t<\/div>\n [\/vc_column][vc_column width=\u00a0\u00bb1\/4&Prime;]\n\t<div class=\"usp\">\n\t\t<div class=\"box-icon\">\n\t\t\t\t<div class=\"circle\"><i class=\"fa fa fa-university fa-lg\"><\/i><\/div>\n\t\t\t\t<h3>Totalment restaurat<\/h3>\n\t\t\t\t<p>Tant els apartaments com els massos han estat restaurats recentment, respectant l&rsquo;estructura i l&rsquo;ess\u00e8ncia original.<\/p>\n\t\t<\/div>\n\t<\/div>\n [\/vc_column][vc_column width=\u00a0\u00bb1\/4&Prime;]\n\t<div class=\"usp\">\n\t\t<div class=\"box-icon\">\n\t\t\t\t<div class=\"circle\"><i class=\"fa fa fa-binoculars fa-lg\"><\/i><\/div>\n\t\t\t\t<h3>Vistes privilegiades<\/h3>\n\t\t\t\t<p>Gaudeix de les\u00a0vistes d&rsquo; Horta de Sant Joan. Tant si l&rsquo;apartament o la casa est\u00e0 encarat al poble com a la muntanya, t&rsquo;encisar\u00e0.<\/p>\n\t\t<\/div>\n\t<\/div>\n [\/vc_column][vc_column width=\u00a0\u00bb1\/4&Prime;]\n\t<div class=\"usp\">\n\t\t<div class=\"box-icon\">\n\t\t\t\t<div class=\"circle\"><i class=\"fa fa fa-thumb-tack fa-lg\"><\/i><\/div>\n\t\t\t\t<h3>Punt de partida<\/h3>\n\t\t\t\t<p>El poble, la gastronomia, fer senderisme, escalada, barranquisme, fer passejades pels paratges naturals m\u00e9s diversos&#8230;<\/p>\n\t\t<\/div>\n\t<\/div>\n [\/vc_column][\/vc_row][vc_row css=\u00a0\u00bb.vc_custom_1436943981095{margin-bottom: 0px !important;padding-bottom: 0px !important;}\u00a0\u00bb][vc_column]\n \n <div class=\"rooms mt110\">\n <div class=\"row room-list\">\n \n \n <div class=\"col-sm-4 \">\n <div class=\"room-thumb\">\n <img loading=\"lazy\" decoding=\"async\" width=\"356\" height=\"238\" src=\"https:\/\/loportalet.com\/wp-content\/uploads\/2015\/07\/portada-jardi2a.jpg\" class=\"img-responsive wp-post-image\" alt=\"\" srcset=\"https:\/\/loportalet.com\/wp-content\/uploads\/2015\/07\/portada-jardi2a.jpg 356w, https:\/\/loportalet.com\/wp-content\/uploads\/2015\/07\/portada-jardi2a-300x201.jpg 300w\" sizes=\"auto, (max-width: 356px) 100vw, 356px\" \/> <div class=\"mask\">\n <div class=\"main\">\n <h5>Planta jard\u00ed 2a (Vista a Ports)<\/h5>\n \n <div class='price' style=\"border:0\"><a href=\"https:\/\/loportalet.com\/fr\/room\/planta-jardi-2a-vista-a-ports\/\" >+info<\/a><span>cliquez ici<\/span><\/div>\n \n <\/div>\n <div class=\"content\">\n <p><span>Appartement spacieux, 2 chambres \u00e0 coucher et canap\u00e9 convertible<\/span>Vue sur les Ports de Tortosa Beseit et sur la montagne de Santa Barbara. Situ\u00e9 \u00e0 l\u2019\u00e9tage le plus rapproch\u00e9 du jardin.<\/p>\n\n <div class=\"row\">\n <div class=\"col-xs-6\">\n <ul class=\"list-unstyled\">\n <li><i class='fa fa-check-circle'><\/i> Wifi<\/li><li><i class='fa fa-check-circle'><\/i> Climatisation<\/li><li><i class='fa fa-check-circle'><\/i> Parking pour voitures<\/li> <\/ul>\n <\/div>\n <div class=\"col-xs-6\">\n <ul class=\"list-unstyled\">\n <li><i class='fa fa-check-circle'><\/i> Parking pour v\u00e9los<\/li><li><i class='fa fa-check-circle'><\/i> Ustensiles cuisine<\/li><li><i class='fa fa-check-circle'><\/i> Linge de lit \/ serviettes<\/li> <\/ul>\n <\/div>\n <\/div>\n <!--<a href=\"https:\/\/loportalet.com\/fr\/room\/planta-jardi-2a-vista-a-ports\/\" class=\"btn btn-primary btn-block\"> <\/a> -->\n <\/div>\n <\/div>\n <\/div>\n <\/div>\n \n \n <div class=\"col-sm-4 \">\n <div class=\"room-thumb\">\n <img loading=\"lazy\" decoding=\"async\" width=\"356\" height=\"238\" src=\"https:\/\/loportalet.com\/wp-content\/uploads\/2015\/07\/portada-p1a.jpg\" class=\"img-responsive wp-post-image\" alt=\"\" srcset=\"https:\/\/loportalet.com\/wp-content\/uploads\/2015\/07\/portada-p1a.jpg 356w, https:\/\/loportalet.com\/wp-content\/uploads\/2015\/07\/portada-p1a-300x201.jpg 300w\" sizes=\"auto, (max-width: 356px) 100vw, 356px\" \/> <div class=\"mask\">\n <div class=\"main\">\n <h5>Planta pla\u00e7a 1a (Vistes a Ports)<\/h5>\n \n <div class='price' style=\"border:0\"><a href=\"https:\/\/loportalet.com\/fr\/room\/planta-placa-1a-vistes-als-ports\/\" >+info<\/a><span>cliquez ici<\/span><\/div>\n \n <\/div>\n <div class=\"content\">\n <p><span>Appartement ravissant, tr\u00e8s lumineux et spacieux, 2 chambres \u00e0 coucher<\/span>Terrasse impresionnante avec belles arcades et vue sur les Ports de Tortosa -Beseit et la montagne de Santa Barbara. Tr\u00e8s spacieux.<\/p>\n\n <div class=\"row\">\n <div class=\"col-xs-6\">\n <ul class=\"list-unstyled\">\n <li><i class='fa fa-check-circle'><\/i> Wifi<\/li><li><i class='fa fa-check-circle'><\/i> Climatisation<\/li><li><i class='fa fa-check-circle'><\/i> Parking pour voitures<\/li> <\/ul>\n <\/div>\n <div class=\"col-xs-6\">\n <ul class=\"list-unstyled\">\n <li><i class='fa fa-check-circle'><\/i> Parking pour v\u00e9los<\/li><li><i class='fa fa-check-circle'><\/i> Ustensiles cuisine<\/li><li><i class='fa fa-check-circle'><\/i> Linge de lit \/ serviettes<\/li> <\/ul>\n <\/div>\n <\/div>\n <!--<a href=\"https:\/\/loportalet.com\/fr\/room\/planta-placa-1a-vistes-als-ports\/\" class=\"btn btn-primary btn-block\"> <\/a> -->\n <\/div>\n <\/div>\n <\/div>\n <\/div>\n \n \n <div class=\"col-sm-4 \">\n <div class=\"room-thumb\">\n <img loading=\"lazy\" decoding=\"async\" width=\"356\" height=\"238\" src=\"https:\/\/loportalet.com\/wp-content\/uploads\/2015\/07\/portda-p2a.jpg\" class=\"img-responsive wp-post-image\" alt=\"\" srcset=\"https:\/\/loportalet.com\/wp-content\/uploads\/2015\/07\/portda-p2a.jpg 356w, https:\/\/loportalet.com\/wp-content\/uploads\/2015\/07\/portda-p2a-300x201.jpg 300w\" sizes=\"auto, (max-width: 356px) 100vw, 356px\" \/> <div class=\"mask\">\n <div class=\"main\">\n <h5>Planta pla\u00e7a 2a (Vista a Ports)<\/h5>\n \n <div class='price' style=\"border:0\"><a href=\"https:\/\/loportalet.com\/fr\/room\/planta-placa-2a-vista-a-ports\/\" >+info<\/a><span>cliquez ici<\/span><\/div>\n \n <\/div>\n <div class=\"content\">\n <p><span>Grand appartement avec 1 chambre double et un canap\u00e9 convertible.<\/span>Vues sur les Ports de Tortosa -Beseit et la montagne de Santa Barbara.\r\nCompl\u00e8tement restaur\u00e9 en 2009.<\/p>\n\n <div class=\"row\">\n <div class=\"col-xs-6\">\n <ul class=\"list-unstyled\">\n <li><i class='fa fa-check-circle'><\/i> Wifi<\/li><li><i class='fa fa-check-circle'><\/i> Climatisation<\/li><li><i class='fa fa-check-circle'><\/i> Parking pour voitures<\/li> <\/ul>\n <\/div>\n <div class=\"col-xs-6\">\n <ul class=\"list-unstyled\">\n <li><i class='fa fa-check-circle'><\/i> Parking pour v\u00e9los<\/li><li><i class='fa fa-check-circle'><\/i> Ustensiles cuisine<\/li><li><i class='fa fa-check-circle'><\/i> Linge de lit \/ serviettes<\/li> <\/ul>\n <\/div>\n <\/div>\n <!--<a href=\"https:\/\/loportalet.com\/fr\/room\/planta-placa-2a-vista-a-ports\/\" class=\"btn btn-primary btn-block\"> <\/a> -->\n <\/div>\n <\/div>\n <\/div>\n <\/div>\n \n \n <div class=\"col-sm-4 \">\n <div class=\"room-thumb\">\n <img loading=\"lazy\" decoding=\"async\" width=\"356\" height=\"238\" src=\"https:\/\/loportalet.com\/wp-content\/uploads\/2015\/07\/portada-atic.jpg\" class=\"img-responsive wp-post-image\" alt=\"\" srcset=\"https:\/\/loportalet.com\/wp-content\/uploads\/2015\/07\/portada-atic.jpg 356w, https:\/\/loportalet.com\/wp-content\/uploads\/2015\/07\/portada-atic-300x201.jpg 300w\" sizes=\"auto, (max-width: 356px) 100vw, 356px\" \/> <div class=\"mask\">\n <div class=\"main\">\n <h5>\u00c0TIC (vistes als Ports)<\/h5>\n \n <div class='price' style=\"border:0\"><a href=\"https:\/\/loportalet.com\/fr\/room\/atic-vistes-als-ports\/\" >+info<\/a><span>cliquez ici<\/span><\/div>\n \n <\/div>\n <div class=\"content\">\n <p><span>Appartement de charme, tr\u00e8s lumineux, avec terrasse. 2 chambres \u00e0 coucher<\/span>Vues sur les Ports de Tortosa-Beseit et sur la montagne de Santa Barbara et le couvent. Tr\u00e8s spacieux.<\/p>\n\n <div class=\"row\">\n <div class=\"col-xs-6\">\n <ul class=\"list-unstyled\">\n <li><i class='fa fa-check-circle'><\/i> Wifi<\/li><li><i class='fa fa-check-circle'><\/i> Climatisation<\/li><li><i class='fa fa-check-circle'><\/i> Parking pour voitures<\/li> <\/ul>\n <\/div>\n <div class=\"col-xs-6\">\n <ul class=\"list-unstyled\">\n <li><i class='fa fa-check-circle'><\/i> Parking pour v\u00e9los<\/li><li><i class='fa fa-check-circle'><\/i> Ustensiles cuisine<\/li><li><i class='fa fa-check-circle'><\/i> Linge de lit \/ serviettes<\/li> <\/ul>\n <\/div>\n <\/div>\n <!--<a href=\"https:\/\/loportalet.com\/fr\/room\/atic-vistes-als-ports\/\" class=\"btn btn-primary btn-block\"> <\/a> -->\n <\/div>\n <\/div>\n <\/div>\n <\/div>\n \n \n <div class=\"col-sm-4 \">\n <div class=\"room-thumb\">\n <img loading=\"lazy\" decoding=\"async\" width=\"356\" height=\"238\" src=\"https:\/\/loportalet.com\/wp-content\/uploads\/2015\/07\/portda-s2a.jpg\" class=\"img-responsive wp-post-image\" alt=\"\" srcset=\"https:\/\/loportalet.com\/wp-content\/uploads\/2015\/07\/portda-s2a.jpg 356w, https:\/\/loportalet.com\/wp-content\/uploads\/2015\/07\/portda-s2a-300x201.jpg 300w\" sizes=\"auto, (max-width: 356px) 100vw, 356px\" \/> <div class=\"mask\">\n <div class=\"main\">\n <h5>2n 2a (Vistes a Ports i la Pla\u00e7a)<\/h5>\n \n <div class='price' style=\"border:0\"><a href=\"https:\/\/loportalet.com\/fr\/room\/2n-2a-vistes-a-ports-i-a-la-placa\/\" >+info<\/a><span>cliquez ici<\/span><\/div>\n \n <\/div>\n <div class=\"content\">\n <p><span>Appartement de charme, tr\u00e8s lumineux et tr\u00e8s spacieux, 2 chambres \u00e0 coucher<\/span>1 salle de bains compl\u00e8te et une cuisine salle \u00e0 manger. Tr\u00e8s ample. Compl\u00e8tement restaur\u00e9 en 2009.<\/p>\n\n <div class=\"row\">\n <div class=\"col-xs-6\">\n <ul class=\"list-unstyled\">\n <li><i class='fa fa-check-circle'><\/i> Wifi<\/li><li><i class='fa fa-check-circle'><\/i> Climatisation<\/li><li><i class='fa fa-check-circle'><\/i> Parking pour voitures<\/li> <\/ul>\n <\/div>\n <div class=\"col-xs-6\">\n <ul class=\"list-unstyled\">\n <li><i class='fa fa-check-circle'><\/i> Parking pour v\u00e9los<\/li><li><i class='fa fa-check-circle'><\/i> Ustensiles cuisine<\/li><li><i class='fa fa-check-circle'><\/i> Linge de lit \/ serviettes<\/li> <\/ul>\n <\/div>\n <\/div>\n <!--<a href=\"https:\/\/loportalet.com\/fr\/room\/2n-2a-vistes-a-ports-i-a-la-placa\/\" class=\"btn btn-primary btn-block\"> <\/a> -->\n <\/div>\n <\/div>\n <\/div>\n <\/div>\n \n \n <div class=\"col-sm-4 \">\n <div class=\"room-thumb\">\n <img loading=\"lazy\" decoding=\"async\" width=\"750\" height=\"500\" src=\"https:\/\/loportalet.com\/wp-content\/uploads\/2015\/07\/portada-bassa.jpg\" class=\"img-responsive wp-post-image\" alt=\"\" srcset=\"https:\/\/loportalet.com\/wp-content\/uploads\/2015\/07\/portada-bassa.jpg 750w, https:\/\/loportalet.com\/wp-content\/uploads\/2015\/07\/portada-bassa-300x200.jpg 300w\" sizes=\"auto, (max-width: 750px) 100vw, 750px\" \/> <div class=\"mask\">\n <div class=\"main\">\n <h5>Casa rural La Bassa Nova<\/h5>\n \n <div class='price' style=\"border:0\"><a href=\"https:\/\/loportalet.com\/fr\/room\/casa-rural-la-bassa-nova\/\" >+info<\/a><span>cliquez ici<\/span><\/div>\n \n <\/div>\n <div class=\"content\">\n <p><span>]Ferme compl\u00e8tement restaur\u00e9e, \u00e9quip\u00e9e pour 8 personnes<\/span>Situ\u00e9e \u00e0 500 m\u00e8tres du centre de Horta de Sant Joan, 4 chambres \u00e0 coucher.<\/p>\n\n <div class=\"row\">\n <div class=\"col-xs-6\">\n <ul class=\"list-unstyled\">\n <li><i class='fa fa-check-circle'><\/i> Parking pour voitures<\/li><li><i class='fa fa-check-circle'><\/i> Parking pour v\u00e9los<\/li><li><i class='fa fa-check-circle'><\/i> Ustensiles cuisine<\/li> <\/ul>\n <\/div>\n <div class=\"col-xs-6\">\n <ul class=\"list-unstyled\">\n <li><i class='fa fa-check-circle'><\/i> Linge de lit \/ serviettes<\/li><li><i class='fa fa-check-circle'><\/i> Barbecue<\/li> <\/ul>\n <\/div>\n <\/div>\n <!--<a href=\"https:\/\/loportalet.com\/fr\/room\/casa-rural-la-bassa-nova\/\" class=\"btn btn-primary btn-block\"> <\/a> -->\n <\/div>\n <\/div>\n <\/div>\n <\/div>\n <\/div>\n <\/div>\n [\/vc_column][\/vc_row]","protected":false},"excerpt":{"rendered":"<p>[vc_row css=\u00a0\u00bb.vc_custom_1436943950499{margin-bottom: 0px !important;padding-bottom: 0px !important;}\u00a0\u00bb][vc_column width=\u00a0\u00bb2\/3&Prime;][vc_single_image image=\u00a0\u00bb315&Prime; img_size=\u00a0\u00bblarge\u00a0\u00bb style=\u00a0\u00bbvc_box_rounded\u00a0\u00bb onclick=\u00a0\u00bbcustom_link\u00a0\u00bb link=\u00a0\u00bbhttp:\/\/loportalet.com\/els-apartaments-i-els-masos\/\u00a0\u00bb title=\u00a0\u00bbApartaments Lo Portalet\u00a0\u00bb][vc_column_text]Lo Portalet us ofereix apartaments en lloguer de vacances, totalment equipats, en un lloc realment privilegiat, a la Pla\u00e7a de Sant Salvador, al ben mig d&rsquo;Horta de Sant Joan i literalment tocant l\u2019esgl\u00e9sia, amb unes magn\u00edfiques vistes als Ports de Tortosa [&hellip;]<\/p>\n","protected":false},"author":1,"featured_media":0,"parent":0,"menu_order":0,"comment_status":"closed","ping_status":"open","template":"page-slider-reservation.php","meta":{"footnotes":""},"class_list":["post-87","page","type-page","status-publish","hentry"],"_links":{"self":[{"href":"https:\/\/loportalet.com\/fr\/wp-json\/wp\/v2\/pages\/87","targetHints":{"allow":["GET"]}}],"collection":[{"href":"https:\/\/loportalet.com\/fr\/wp-json\/wp\/v2\/pages"}],"about":[{"href":"https:\/\/loportalet.com\/fr\/wp-json\/wp\/v2\/types\/page"}],"author":[{"embeddable":true,"href":"https:\/\/loportalet.com\/fr\/wp-json\/wp\/v2\/users\/1"}],"replies":[{"embeddable":true,"href":"https:\/\/loportalet.com\/fr\/wp-json\/wp\/v2\/comments?post=87"}],"version-history":[{"count":41,"href":"https:\/\/loportalet.com\/fr\/wp-json\/wp\/v2\/pages\/87\/revisions"}],"predecessor-version":[{"id":559,"href":"https:\/\/loportalet.com\/fr\/wp-json\/wp\/v2\/pages\/87\/revisions\/559"}],"wp:attachment":[{"href":"https:\/\/loportalet.com\/fr\/wp-json\/wp\/v2\/media?parent=87"}],"curies":[{"name":"wp","href":"https:\/\/api.w.org\/{rel}","templated":true}]}}